{"id":24,"date":"2024-09-16T13:34:43","date_gmt":"2024-09-16T13:34:43","guid":{"rendered":"https:\/\/www.namicatering.fi\/?page_id=24"},"modified":"2026-01-07T08:48:38","modified_gmt":"2026-01-07T08:48:38","slug":"pitopalvelu-ja-tilausleipomo","status":"publish","type":"page","link":"https:\/\/www.namicatering.fi\/","title":{"rendered":"Nami Bakery &#038; Catering"},"content":{"rendered":"\t\t<div data-elementor-type=\"wp-page\" data-elementor-id=\"24\" class=\"elementor elementor-24\">\n\t\t\t\t<div class=\"elementor-element elementor-element-7ec34f1 e-con-full e-flex e-con e-parent\" data-id=\"7ec34f1\" data-element_type=\"container\" data-e-type=\"container\" data-settings=\"{&quot;background_background&quot;:&quot;classic&quot;}\">\n\t\t\t\t<div class=\"elementor-element elementor-element-2336f0c elementor-widget elementor-widget-image\" data-id=\"2336f0c\" data-element_type=\"widget\" data-e-type=\"widget\" data-widget_type=\"image.default\">\n\t\t\t\t<div class=\"elementor-widget-container\">\n\t\t\t\t\t\t\t\t\t\t\t\t\t\t\t<img fetchpriority=\"high\" decoding=\"async\" width=\"1024\" height=\"512\" src=\"https:\/\/www.namicatering.fi\/wp-content\/uploads\/2024\/09\/namibakeryandcatering_logo-01-1024x512.png\" class=\"attachment-large size-large wp-image-90\" alt=\"\" srcset=\"https:\/\/www.namicatering.fi\/wp-content\/uploads\/2024\/09\/namibakeryandcatering_logo-01-1024x512.png 1024w, https:\/\/www.namicatering.fi\/wp-content\/uploads\/2024\/09\/namibakeryandcatering_logo-01-300x150.png 300w, https:\/\/www.namicatering.fi\/wp-content\/uploads\/2024\/09\/namibakeryandcatering_logo-01-768x384.png 768w, https:\/\/www.namicatering.fi\/wp-content\/uploads\/2024\/09\/namibakeryandcatering_logo-01-1536x768.png 1536w, https:\/\/www.namicatering.fi\/wp-content\/uploads\/2024\/09\/namibakeryandcatering_logo-01-2048x1024.png 2048w\" sizes=\"(max-width: 1024px) 100vw, 1024px\" \/>\t\t\t\t\t\t\t\t\t\t\t\t\t\t\t<\/div>\n\t\t\t\t<\/div>\n\t\t\t\t<\/div>\n\t\t<div class=\"elementor-element elementor-element-77efc7f e-flex e-con-boxed e-con e-parent\" data-id=\"77efc7f\" data-element_type=\"container\" data-e-type=\"container\">\n\t\t\t\t\t<div class=\"e-con-inner\">\n\t\t<div class=\"elementor-element elementor-element-9ff8d11 e-con-full e-flex e-con e-child\" data-id=\"9ff8d11\" data-element_type=\"container\" data-e-type=\"container\">\n\t\t\t\t<\/div>\n\t\t<div class=\"elementor-element elementor-element-27ac9f4 e-con-full e-flex e-con e-child\" data-id=\"27ac9f4\" data-element_type=\"container\" data-e-type=\"container\">\n\t\t\t\t<div class=\"elementor-element elementor-element-277bde4 e-transform elementor-widget elementor-widget-image\" data-id=\"277bde4\" data-element_type=\"widget\" data-e-type=\"widget\" data-settings=\"{&quot;_transform_rotateZ_effect&quot;:{&quot;unit&quot;:&quot;px&quot;,&quot;size&quot;:&quot;&quot;,&quot;sizes&quot;:[]},&quot;_transform_rotateZ_effect_tablet&quot;:{&quot;unit&quot;:&quot;deg&quot;,&quot;size&quot;:&quot;&quot;,&quot;sizes&quot;:[]},&quot;_transform_rotateZ_effect_mobile&quot;:{&quot;unit&quot;:&quot;deg&quot;,&quot;size&quot;:&quot;&quot;,&quot;sizes&quot;:[]}}\" data-widget_type=\"image.default\">\n\t\t\t\t<div class=\"elementor-widget-container\">\n\t\t\t\t\t\t\t\t\t\t\t\t\t\t\t<img decoding=\"async\" width=\"768\" height=\"1024\" src=\"https:\/\/www.namicatering.fi\/wp-content\/uploads\/2024\/09\/tunnelmallinen_kattaus-768x1024.jpg\" class=\"attachment-large size-large wp-image-49\" alt=\"\" srcset=\"https:\/\/www.namicatering.fi\/wp-content\/uploads\/2024\/09\/tunnelmallinen_kattaus-768x1024.jpg 768w, https:\/\/www.namicatering.fi\/wp-content\/uploads\/2024\/09\/tunnelmallinen_kattaus-225x300.jpg 225w, https:\/\/www.namicatering.fi\/wp-content\/uploads\/2024\/09\/tunnelmallinen_kattaus.jpg 1125w\" sizes=\"(max-width: 768px) 100vw, 768px\" \/>\t\t\t\t\t\t\t\t\t\t\t\t\t\t\t<\/div>\n\t\t\t\t<\/div>\n\t\t\t\t<\/div>\n\t\t<div class=\"elementor-element elementor-element-35df84f e-con-full e-flex e-con e-child\" data-id=\"35df84f\" data-element_type=\"container\" data-e-type=\"container\">\n\t\t\t\t<\/div>\n\t\t\t\t\t<\/div>\n\t\t\t\t<\/div>\n\t\t<div class=\"elementor-element elementor-element-29ea542 e-flex e-con-boxed e-con e-parent\" data-id=\"29ea542\" data-element_type=\"container\" data-e-type=\"container\">\n\t\t\t\t\t<div class=\"e-con-inner\">\n\t\t\t\t<div class=\"elementor-element elementor-element-0995d93 elementor-widget elementor-widget-heading\" data-id=\"0995d93\" data-element_type=\"widget\" data-e-type=\"widget\" data-widget_type=\"heading.default\">\n\t\t\t\t<div class=\"elementor-widget-container\">\n\t\t\t\t\t<h2 class=\"elementor-heading-title elementor-size-default\">Tervetuloa herkullisen ruuan ja ihanien leivonnaisten pariin!<\/h2>\t\t\t\t<\/div>\n\t\t\t\t<\/div>\n\t\t\t\t\t<\/div>\n\t\t\t\t<\/div>\n\t\t<div class=\"elementor-element elementor-element-6ac08087 e-flex e-con-boxed e-con e-parent\" data-id=\"6ac08087\" data-element_type=\"container\" data-e-type=\"container\">\n\t\t\t\t\t<div class=\"e-con-inner\">\n\t\t\t\t<div class=\"elementor-element elementor-element-e0cca1e elementor-widget-mobile__width-initial elementor-widget elementor-widget-image\" data-id=\"e0cca1e\" data-element_type=\"widget\" data-e-type=\"widget\" data-widget_type=\"image.default\">\n\t\t\t\t<div class=\"elementor-widget-container\">\n\t\t\t\t\t\t\t\t\t\t\t\t\t\t\t<img decoding=\"async\" width=\"300\" height=\"150\" src=\"https:\/\/www.namicatering.fi\/wp-content\/uploads\/2024\/09\/jakaja-300x150.png\" class=\"attachment-medium size-medium wp-image-120\" alt=\"\" srcset=\"https:\/\/www.namicatering.fi\/wp-content\/uploads\/2024\/09\/jakaja-300x150.png 300w, https:\/\/www.namicatering.fi\/wp-content\/uploads\/2024\/09\/jakaja-768x384.png 768w, https:\/\/www.namicatering.fi\/wp-content\/uploads\/2024\/09\/jakaja.png 800w\" sizes=\"(max-width: 300px) 100vw, 300px\" \/>\t\t\t\t\t\t\t\t\t\t\t\t\t\t\t<\/div>\n\t\t\t\t<\/div>\n\t\t\t\t\t<\/div>\n\t\t\t\t<\/div>\n\t\t<div class=\"elementor-element elementor-element-a2f95b8 e-flex e-con-boxed e-con e-parent\" data-id=\"a2f95b8\" data-element_type=\"container\" data-e-type=\"container\">\n\t\t\t\t\t<div class=\"e-con-inner\">\n\t\t\t\t<div class=\"elementor-element elementor-element-144c60f elementor-widget elementor-widget-text-editor\" data-id=\"144c60f\" data-element_type=\"widget\" data-e-type=\"widget\" data-widget_type=\"text-editor.default\">\n\t\t\t\t<div class=\"elementor-widget-container\">\n\t\t\t\t\t\t\t\t\t<p><span lang=\"fi-FI\">Nami Bakery &amp; Catering on vuonna 2018 perustettu pitopalvelu ja tilausleipomo Pieks\u00e4m\u00e4ell\u00e4, Etel\u00e4-Savossa. <\/span><\/p><p><span lang=\"fi-FI\">Meilt\u00e4 saat ruoka- ja kahvitarjoilut, juhlatilan ja halutessasi my\u00f6s tilan somistuksen ym. kaikki k\u00e4tev\u00e4sti samasta paikasta!<\/span><\/p><p><span lang=\"fi-FI\">Voit valita palvelupaketin, jossa saat itse keskitty\u00e4 vain nauttimaan juhlista &#8211; kaikki on hoidettu puolestasi. <\/span><\/p>\t\t\t\t\t\t\t\t<\/div>\n\t\t\t\t<\/div>\n\t\t\t\t\t<\/div>\n\t\t\t\t<\/div>\n\t\t<div class=\"elementor-element elementor-element-cb339dc e-grid e-con-boxed e-con e-parent\" data-id=\"cb339dc\" data-element_type=\"container\" data-e-type=\"container\">\n\t\t\t\t\t<div class=\"e-con-inner\">\n\t\t\t\t<div class=\"elementor-element elementor-element-105db22 elementor-widget elementor-widget-image\" data-id=\"105db22\" data-element_type=\"widget\" data-e-type=\"widget\" data-widget_type=\"image.default\">\n\t\t\t\t<div class=\"elementor-widget-container\">\n\t\t\t\t\t\t\t\t\t\t\t\t\t\t\t<img loading=\"lazy\" decoding=\"async\" width=\"768\" height=\"1024\" src=\"https:\/\/www.namicatering.fi\/wp-content\/uploads\/2024\/09\/noutopoyta_katettuna-768x1024.jpg\" class=\"attachment-large size-large wp-image-58\" alt=\"\" srcset=\"https:\/\/www.namicatering.fi\/wp-content\/uploads\/2024\/09\/noutopoyta_katettuna-768x1024.jpg 768w, https:\/\/www.namicatering.fi\/wp-content\/uploads\/2024\/09\/noutopoyta_katettuna-225x300.jpg 225w, https:\/\/www.namicatering.fi\/wp-content\/uploads\/2024\/09\/noutopoyta_katettuna.jpg 1125w\" sizes=\"(max-width: 768px) 100vw, 768px\" \/>\t\t\t\t\t\t\t\t\t\t\t\t\t\t\t<\/div>\n\t\t\t\t<\/div>\n\t\t\t\t<div class=\"elementor-element elementor-element-9e312fb elementor-widget elementor-widget-image\" data-id=\"9e312fb\" data-element_type=\"widget\" data-e-type=\"widget\" data-widget_type=\"image.default\">\n\t\t\t\t<div class=\"elementor-widget-container\">\n\t\t\t\t\t\t\t\t\t\t\t\t\t\t\t<img loading=\"lazy\" decoding=\"async\" width=\"769\" height=\"1024\" src=\"https:\/\/www.namicatering.fi\/wp-content\/uploads\/2024\/09\/juustosalaatti-769x1024.jpg\" class=\"attachment-large size-large wp-image-59\" alt=\"\" srcset=\"https:\/\/www.namicatering.fi\/wp-content\/uploads\/2024\/09\/juustosalaatti-769x1024.jpg 769w, https:\/\/www.namicatering.fi\/wp-content\/uploads\/2024\/09\/juustosalaatti-225x300.jpg 225w, https:\/\/www.namicatering.fi\/wp-content\/uploads\/2024\/09\/juustosalaatti-768x1023.jpg 768w, https:\/\/www.namicatering.fi\/wp-content\/uploads\/2024\/09\/juustosalaatti.jpg 1126w\" sizes=\"(max-width: 769px) 100vw, 769px\" \/>\t\t\t\t\t\t\t\t\t\t\t\t\t\t\t<\/div>\n\t\t\t\t<\/div>\n\t\t\t\t<div class=\"elementor-element elementor-element-7c86638 elementor-widget elementor-widget-image\" data-id=\"7c86638\" data-element_type=\"widget\" data-e-type=\"widget\" data-widget_type=\"image.default\">\n\t\t\t\t<div class=\"elementor-widget-container\">\n\t\t\t\t\t\t\t\t\t\t\t\t\t\t\t<img loading=\"lazy\" decoding=\"async\" width=\"768\" height=\"1024\" src=\"https:\/\/www.namicatering.fi\/wp-content\/uploads\/2024\/09\/noutopoyta_illanistujaiset-768x1024.jpg\" class=\"attachment-large size-large wp-image-60\" alt=\"\" srcset=\"https:\/\/www.namicatering.fi\/wp-content\/uploads\/2024\/09\/noutopoyta_illanistujaiset-768x1024.jpg 768w, https:\/\/www.namicatering.fi\/wp-content\/uploads\/2024\/09\/noutopoyta_illanistujaiset-225x300.jpg 225w, https:\/\/www.namicatering.fi\/wp-content\/uploads\/2024\/09\/noutopoyta_illanistujaiset.jpg 1125w\" sizes=\"(max-width: 768px) 100vw, 768px\" \/>\t\t\t\t\t\t\t\t\t\t\t\t\t\t\t<\/div>\n\t\t\t\t<\/div>\n\t\t\t\t\t<\/div>\n\t\t\t\t<\/div>\n\t\t<div class=\"elementor-element elementor-element-ec33147 e-flex e-con-boxed e-con e-parent\" data-id=\"ec33147\" data-element_type=\"container\" data-e-type=\"container\">\n\t\t\t\t\t<div class=\"e-con-inner\">\n\t\t\t\t<div class=\"elementor-element elementor-element-0006366 elementor-widget elementor-widget-text-editor\" data-id=\"0006366\" data-element_type=\"widget\" data-e-type=\"widget\" data-widget_type=\"text-editor.default\">\n\t\t\t\t<div class=\"elementor-widget-container\">\n\t\t\t\t\t\t\t\t\t<p>Omana juhlatilanamme toimii K\u00e4r\u00e4j\u00e4talo, jonka tunnelmallisessa, 1800-luvun alkupuolella rakennetussa tuvassa, rustiikkisella riihell\u00e4 tai vanhalla navetalla vietet\u00e4\u00e4n ihania perhejuhlia ja muita kokoontumisia.<\/p><p>Tuvan yhteydess\u00e4 on my\u00f6s majoitustiloja, mik\u00e4li tarvitset y\u00f6pymispaikkaa juhliesi yhteydess\u00e4.<\/p><p>K\u00e4r\u00e4j\u00e4talon vuokraushinnaston ja tarkemman tilaesittelyn l\u00f6yd\u00e4t <a href=\"https:\/\/www.karajatalo.fi\/\" target=\"_blank\" rel=\"noopener\">K\u00e4r\u00e4j\u00e4talon sivuilta.<\/a><\/p><p>Vuokraamme k\u00e4r\u00e4j\u00e4talon tiloja my\u00f6s ilman pitopalvelupakettia, jolloin voit hankkia esim. ruokatarjoilut haluamaltasi palveluntuottajalta. Vastaavasti meid\u00e4t voi tilata tekem\u00e4\u00e4n pitopalvelua my\u00f6s muualle.<\/p>\t\t\t\t\t\t\t\t<\/div>\n\t\t\t\t<\/div>\n\t\t\t\t\t<\/div>\n\t\t\t\t<\/div>\n\t\t<div class=\"elementor-element elementor-element-88c65a9 e-flex e-con-boxed e-con e-parent\" data-id=\"88c65a9\" data-element_type=\"container\" data-e-type=\"container\">\n\t\t\t\t\t<div class=\"e-con-inner\">\n\t\t<div class=\"elementor-element elementor-element-c1969b3 e-con-full e-flex e-con e-child\" data-id=\"c1969b3\" data-element_type=\"container\" data-e-type=\"container\">\n\t\t\t\t<\/div>\n\t\t<div class=\"elementor-element elementor-element-714c891 e-con-full e-flex e-con e-child\" data-id=\"714c891\" data-element_type=\"container\" data-e-type=\"container\">\n\t\t\t\t<div class=\"elementor-element elementor-element-b037b65 e-transform elementor-widget elementor-widget-image\" data-id=\"b037b65\" data-element_type=\"widget\" data-e-type=\"widget\" data-settings=\"{&quot;_transform_rotateZ_effect&quot;:{&quot;unit&quot;:&quot;px&quot;,&quot;size&quot;:&quot;&quot;,&quot;sizes&quot;:[]},&quot;_transform_rotateZ_effect_tablet&quot;:{&quot;unit&quot;:&quot;deg&quot;,&quot;size&quot;:&quot;&quot;,&quot;sizes&quot;:[]},&quot;_transform_rotateZ_effect_mobile&quot;:{&quot;unit&quot;:&quot;deg&quot;,&quot;size&quot;:&quot;&quot;,&quot;sizes&quot;:[]}}\" data-widget_type=\"image.default\">\n\t\t\t\t<div class=\"elementor-widget-container\">\n\t\t\t\t\t\t\t\t\t\t\t\t\t\t\t<img loading=\"lazy\" decoding=\"async\" width=\"768\" height=\"1024\" src=\"https:\/\/www.namicatering.fi\/wp-content\/uploads\/2024\/09\/kattaus_tarjottimella-e1727097126802-768x1024.jpg\" class=\"attachment-large size-large wp-image-57\" alt=\"\" srcset=\"https:\/\/www.namicatering.fi\/wp-content\/uploads\/2024\/09\/kattaus_tarjottimella-e1727097126802-768x1024.jpg 768w, https:\/\/www.namicatering.fi\/wp-content\/uploads\/2024\/09\/kattaus_tarjottimella-e1727097126802-225x300.jpg 225w, https:\/\/www.namicatering.fi\/wp-content\/uploads\/2024\/09\/kattaus_tarjottimella-e1727097126802.jpg 1125w\" sizes=\"(max-width: 768px) 100vw, 768px\" \/>\t\t\t\t\t\t\t\t\t\t\t\t\t\t\t<\/div>\n\t\t\t\t<\/div>\n\t\t\t\t<\/div>\n\t\t<div class=\"elementor-element elementor-element-37cbd81 e-con-full e-flex e-con e-child\" data-id=\"37cbd81\" data-element_type=\"container\" data-e-type=\"container\">\n\t\t\t\t<\/div>\n\t\t\t\t\t<\/div>\n\t\t\t\t<\/div>\n\t\t<div class=\"elementor-element elementor-element-2a00b53 e-flex e-con-boxed e-con e-parent\" data-id=\"2a00b53\" data-element_type=\"container\" data-e-type=\"container\">\n\t\t\t\t\t<div class=\"e-con-inner\">\n\t\t\t\t<div class=\"elementor-element elementor-element-1b0fa78 elementor-widget elementor-widget-text-editor\" data-id=\"1b0fa78\" data-element_type=\"widget\" data-e-type=\"widget\" data-widget_type=\"text-editor.default\">\n\t\t\t\t<div class=\"elementor-widget-container\">\n\t\t\t\t\t\t\t\t\t<p>Ruokien ja leivonnaisten valmistamisessa kotimaisuus, tuoreus ja laadukkaat raaka-aineet ovat meille t\u00e4rkeit\u00e4. Tuotteet tehd\u00e4\u00e4n alusta asti itse, marjahillojen keitosta lohien savustukseen!<\/p><p>Pitopalvelun lis\u00e4ksi teemme my\u00f6s t\u00e4yte- ja voileip\u00e4kakkuja sek\u00e4 muita leivonnaisia tilauksesta.<\/p><p><a href=\"https:\/\/www.facebook.com\/profile.php?id=100057546155110\" target=\"_blank\" rel=\"noopener\">Facebooksivuiltamme<\/a> l\u00f6ytyy runsaasti kuvamateriaalia tilausleipomon tuotteista.<\/p>\t\t\t\t\t\t\t\t<\/div>\n\t\t\t\t<\/div>\n\t\t\t\t\t<\/div>\n\t\t\t\t<\/div>\n\t\t<div class=\"elementor-element elementor-element-988f4cd e-grid e-con-boxed e-con e-parent\" data-id=\"988f4cd\" data-element_type=\"container\" data-e-type=\"container\">\n\t\t\t\t\t<div class=\"e-con-inner\">\n\t\t\t\t<div class=\"elementor-element elementor-element-692dd58 elementor-widget elementor-widget-image\" data-id=\"692dd58\" data-element_type=\"widget\" data-e-type=\"widget\" data-widget_type=\"image.default\">\n\t\t\t\t<div class=\"elementor-widget-container\">\n\t\t\t\t\t\t\t\t\t\t\t\t\t\t\t<img loading=\"lazy\" decoding=\"async\" width=\"1024\" height=\"1024\" src=\"https:\/\/www.namicatering.fi\/wp-content\/uploads\/2024\/09\/vaalenpunainenkukkakakku-1024x1024.jpg\" class=\"attachment-large size-large wp-image-53\" alt=\"\" srcset=\"https:\/\/www.namicatering.fi\/wp-content\/uploads\/2024\/09\/vaalenpunainenkukkakakku-1024x1024.jpg 1024w, https:\/\/www.namicatering.fi\/wp-content\/uploads\/2024\/09\/vaalenpunainenkukkakakku-300x300.jpg 300w, https:\/\/www.namicatering.fi\/wp-content\/uploads\/2024\/09\/vaalenpunainenkukkakakku-150x150.jpg 150w, https:\/\/www.namicatering.fi\/wp-content\/uploads\/2024\/09\/vaalenpunainenkukkakakku-768x768.jpg 768w, https:\/\/www.namicatering.fi\/wp-content\/uploads\/2024\/09\/vaalenpunainenkukkakakku.jpg 1500w\" sizes=\"(max-width: 1024px) 100vw, 1024px\" \/>\t\t\t\t\t\t\t\t\t\t\t\t\t\t\t<\/div>\n\t\t\t\t<\/div>\n\t\t\t\t<div class=\"elementor-element elementor-element-66cd5b7 elementor-widget elementor-widget-image\" data-id=\"66cd5b7\" data-element_type=\"widget\" data-e-type=\"widget\" data-widget_type=\"image.default\">\n\t\t\t\t<div class=\"elementor-widget-container\">\n\t\t\t\t\t\t\t\t\t\t\t\t\t\t\t<img loading=\"lazy\" decoding=\"async\" width=\"1024\" height=\"1024\" src=\"https:\/\/www.namicatering.fi\/wp-content\/uploads\/2024\/09\/vihreakakku-1024x1024.jpg\" class=\"attachment-large size-large wp-image-54\" alt=\"\" srcset=\"https:\/\/www.namicatering.fi\/wp-content\/uploads\/2024\/09\/vihreakakku-1024x1024.jpg 1024w, https:\/\/www.namicatering.fi\/wp-content\/uploads\/2024\/09\/vihreakakku-300x300.jpg 300w, https:\/\/www.namicatering.fi\/wp-content\/uploads\/2024\/09\/vihreakakku-150x150.jpg 150w, https:\/\/www.namicatering.fi\/wp-content\/uploads\/2024\/09\/vihreakakku-768x768.jpg 768w, https:\/\/www.namicatering.fi\/wp-content\/uploads\/2024\/09\/vihreakakku.jpg 1500w\" sizes=\"(max-width: 1024px) 100vw, 1024px\" \/>\t\t\t\t\t\t\t\t\t\t\t\t\t\t\t<\/div>\n\t\t\t\t<\/div>\n\t\t\t\t<div class=\"elementor-element elementor-element-3187508 elementor-widget elementor-widget-image\" data-id=\"3187508\" data-element_type=\"widget\" data-e-type=\"widget\" data-widget_type=\"image.default\">\n\t\t\t\t<div class=\"elementor-widget-container\">\n\t\t\t\t\t\t\t\t\t\t\t\t\t\t\t<img loading=\"lazy\" decoding=\"async\" width=\"1024\" height=\"1024\" src=\"https:\/\/www.namicatering.fi\/wp-content\/uploads\/2024\/09\/voileipakakku-1024x1024.jpg\" class=\"attachment-large size-large wp-image-188\" alt=\"\" srcset=\"https:\/\/www.namicatering.fi\/wp-content\/uploads\/2024\/09\/voileipakakku-1024x1024.jpg 1024w, https:\/\/www.namicatering.fi\/wp-content\/uploads\/2024\/09\/voileipakakku-300x300.jpg 300w, https:\/\/www.namicatering.fi\/wp-content\/uploads\/2024\/09\/voileipakakku-150x150.jpg 150w, https:\/\/www.namicatering.fi\/wp-content\/uploads\/2024\/09\/voileipakakku-768x768.jpg 768w, https:\/\/www.namicatering.fi\/wp-content\/uploads\/2024\/09\/voileipakakku.jpg 1500w\" sizes=\"(max-width: 1024px) 100vw, 1024px\" \/>\t\t\t\t\t\t\t\t\t\t\t\t\t\t\t<\/div>\n\t\t\t\t<\/div>\n\t\t\t\t\t<\/div>\n\t\t\t\t<\/div>\n\t\t<div class=\"elementor-element elementor-element-6c3ad4a e-flex e-con-boxed e-con e-parent\" data-id=\"6c3ad4a\" data-element_type=\"container\" data-e-type=\"container\">\n\t\t\t\t\t<div class=\"e-con-inner\">\n\t\t\t\t<div class=\"elementor-element elementor-element-bab1aed elementor-widget elementor-widget-text-editor\" data-id=\"bab1aed\" data-element_type=\"widget\" data-e-type=\"widget\" data-widget_type=\"text-editor.default\">\n\t\t\t\t<div class=\"elementor-widget-container\">\n\t\t\t\t\t\t\t\t\t<p>Pitopalvelun hintaan vaikuttavat monet seikat, kuten menun sis\u00e4lt\u00f6 ja vieraiden m\u00e4\u00e4r\u00e4. Ota yhteytt\u00e4, niin suunnittelemme juuri teille sopivan kokonaisuuden. <\/p><p>Teemme kaikkemme, ett\u00e4 juhlistanne tulee toiveidenne mukaiset ja ikimuistettavat!<\/p>\t\t\t\t\t\t\t\t<\/div>\n\t\t\t\t<\/div>\n\t\t\t\t\t<\/div>\n\t\t\t\t<\/div>\n\t\t<div class=\"elementor-element elementor-element-caa60e0 e-flex e-con-boxed e-con e-parent\" data-id=\"caa60e0\" data-element_type=\"container\" data-e-type=\"container\">\n\t\t\t\t\t<div class=\"e-con-inner\">\n\t\t\t\t<div class=\"elementor-element elementor-element-b4644fc elementor-widget-mobile__width-initial elementor-widget elementor-widget-image\" data-id=\"b4644fc\" data-element_type=\"widget\" data-e-type=\"widget\" data-widget_type=\"image.default\">\n\t\t\t\t<div class=\"elementor-widget-container\">\n\t\t\t\t\t\t\t\t\t\t\t\t\t\t\t<img decoding=\"async\" width=\"300\" height=\"150\" src=\"https:\/\/www.namicatering.fi\/wp-content\/uploads\/2024\/09\/jakaja-300x150.png\" class=\"attachment-medium size-medium wp-image-120\" alt=\"\" srcset=\"https:\/\/www.namicatering.fi\/wp-content\/uploads\/2024\/09\/jakaja-300x150.png 300w, https:\/\/www.namicatering.fi\/wp-content\/uploads\/2024\/09\/jakaja-768x384.png 768w, https:\/\/www.namicatering.fi\/wp-content\/uploads\/2024\/09\/jakaja.png 800w\" sizes=\"(max-width: 300px) 100vw, 300px\" \/>\t\t\t\t\t\t\t\t\t\t\t\t\t\t\t<\/div>\n\t\t\t\t<\/div>\n\t\t\t\t\t<\/div>\n\t\t\t\t<\/div>\n\t\t<div class=\"elementor-element elementor-element-0f152fb elementor-hidden-mobile e-flex e-con-boxed e-con e-parent\" data-id=\"0f152fb\" data-element_type=\"container\" data-e-type=\"container\">\n\t\t\t\t\t<div class=\"e-con-inner\">\n\t\t\t\t<div class=\"elementor-element elementor-element-bf46b69 elementor-widget elementor-widget-heading\" data-id=\"bf46b69\" data-element_type=\"widget\" data-e-type=\"widget\" data-widget_type=\"heading.default\">\n\t\t\t\t<div class=\"elementor-widget-container\">\n\t\t\t\t\t<h2 class=\"elementor-heading-title elementor-size-default\">Yhteystiedot<\/h2>\t\t\t\t<\/div>\n\t\t\t\t<\/div>\n\t\t\t\t<div class=\"elementor-element elementor-element-b627169 elementor-widget elementor-widget-text-editor\" data-id=\"b627169\" data-element_type=\"widget\" data-e-type=\"widget\" data-widget_type=\"text-editor.default\">\n\t\t\t\t<div class=\"elementor-widget-container\">\n\t\t\t\t\t\t\t\t\t<p>Nami Bakery &amp; Catering<br \/>Nokkalan K\u00e4r\u00e4j\u00e4talo<br \/>Nokkalantie 8, 76100 Pieks\u00e4m\u00e4ki<\/p><p>Pitopalvelu, tilausleipomo ja K\u00e4r\u00e4j\u00e4talon tilavuokraus<br \/>Tiina R\u00e4s\u00e4nen p. 0440 565 742<\/p><p>pitopalvelu.namicatering@gmail.com<\/p>\t\t\t\t\t\t\t\t<\/div>\n\t\t\t\t<\/div>\n\t\t\t\t\t<\/div>\n\t\t\t\t<\/div>\n\t\t<div class=\"elementor-element elementor-element-404141a elementor-hidden-desktop elementor-hidden-tablet e-flex e-con-boxed e-con e-parent\" data-id=\"404141a\" data-element_type=\"container\" data-e-type=\"container\">\n\t\t\t\t\t<div class=\"e-con-inner\">\n\t\t\t\t<div class=\"elementor-element elementor-element-ad38956 elementor-widget elementor-widget-heading\" data-id=\"ad38956\" data-element_type=\"widget\" data-e-type=\"widget\" data-widget_type=\"heading.default\">\n\t\t\t\t<div class=\"elementor-widget-container\">\n\t\t\t\t\t<h2 class=\"elementor-heading-title elementor-size-default\">Yhteystiedot<\/h2>\t\t\t\t<\/div>\n\t\t\t\t<\/div>\n\t\t\t\t<div class=\"elementor-element elementor-element-3c0af29 elementor-widget elementor-widget-text-editor\" data-id=\"3c0af29\" data-element_type=\"widget\" data-e-type=\"widget\" data-widget_type=\"text-editor.default\">\n\t\t\t\t<div class=\"elementor-widget-container\">\n\t\t\t\t\t\t\t\t\t<p>Nami Bakery &amp; Catering<br \/>Nokkalan K\u00e4r\u00e4j\u00e4talo<br \/>Nokkalantie 8, 76100 Pieks\u00e4m\u00e4ki<\/p><p>Pitopalvelu, tilausleipomo ja K\u00e4r\u00e4j\u00e4talon tilavuokraus<br \/>Tiina R\u00e4s\u00e4nen p. 0440 565742<\/p>\t\t\t\t\t\t\t\t<\/div>\n\t\t\t\t<\/div>\n\t\t\t\t<div class=\"elementor-element elementor-element-572b6ed elementor-mobile-align-center elementor-widget elementor-widget-button\" data-id=\"572b6ed\" data-element_type=\"widget\" data-e-type=\"widget\" data-widget_type=\"button.default\">\n\t\t\t\t<div class=\"elementor-widget-container\">\n\t\t\t\t\t\t\t\t\t<div class=\"elementor-button-wrapper\">\n\t\t\t\t\t<a class=\"elementor-button elementor-button-link elementor-size-sm\" href=\"tel:+358440%20565742\" target=\"_blank\">\n\t\t\t\t\t\t<span class=\"elementor-button-content-wrapper\">\n\t\t\t\t\t\t\t\t\t<span class=\"elementor-button-text\">Soita<\/span>\n\t\t\t\t\t<\/span>\n\t\t\t\t\t<\/a>\n\t\t\t\t<\/div>\n\t\t\t\t\t\t\t\t<\/div>\n\t\t\t\t<\/div>\n\t\t\t\t<div class=\"elementor-element elementor-element-12a834e elementor-widget elementor-widget-text-editor\" data-id=\"12a834e\" data-element_type=\"widget\" data-e-type=\"widget\" data-widget_type=\"text-editor.default\">\n\t\t\t\t<div class=\"elementor-widget-container\">\n\t\t\t\t\t\t\t\t\t<p>pitopalvelu.namicatering@<br \/>gmail.com<\/p>\t\t\t\t\t\t\t\t<\/div>\n\t\t\t\t<\/div>\n\t\t\t\t\t<\/div>\n\t\t\t\t<\/div>\n\t\t<div class=\"elementor-element elementor-element-2ebd53d e-flex e-con-boxed e-con e-parent\" data-id=\"2ebd53d\" data-element_type=\"container\" data-e-type=\"container\">\n\t\t\t\t\t<div class=\"e-con-inner\">\n\t\t\t\t<div class=\"elementor-element elementor-element-9d3be96 elementor-widget-mobile__width-initial elementor-widget elementor-widget-image\" data-id=\"9d3be96\" data-element_type=\"widget\" data-e-type=\"widget\" data-widget_type=\"image.default\">\n\t\t\t\t<div class=\"elementor-widget-container\">\n\t\t\t\t\t\t\t\t\t\t\t\t\t\t\t<img decoding=\"async\" width=\"300\" height=\"150\" src=\"https:\/\/www.namicatering.fi\/wp-content\/uploads\/2024\/09\/jakaja-300x150.png\" class=\"attachment-medium size-medium wp-image-120\" alt=\"\" srcset=\"https:\/\/www.namicatering.fi\/wp-content\/uploads\/2024\/09\/jakaja-300x150.png 300w, https:\/\/www.namicatering.fi\/wp-content\/uploads\/2024\/09\/jakaja-768x384.png 768w, https:\/\/www.namicatering.fi\/wp-content\/uploads\/2024\/09\/jakaja.png 800w\" sizes=\"(max-width: 300px) 100vw, 300px\" \/>\t\t\t\t\t\t\t\t\t\t\t\t\t\t\t<\/div>\n\t\t\t\t<\/div>\n\t\t\t\t\t<\/div>\n\t\t\t\t<\/div>\n\t\t\t\t<\/div>\n\t\t","protected":false},"excerpt":{"rendered":"<p>Tervetuloa herkullisen ruuan ja ihanien leivonnaisten pariin! Nami Bakery &amp; Catering on vuonna 2018 perustettu pitopalvelu ja tilausleipomo Pieks\u00e4m\u00e4ell\u00e4, Etel\u00e4-Savossa. Meilt\u00e4 saat ruoka- ja kahvitarjoilut, juhlatilan ja halutessasi my\u00f6s tilan somistuksen ym. kaikki k\u00e4tev\u00e4sti samasta paikasta! Voit valita palvelupaketin, jossa saat itse keskitty\u00e4 vain nauttimaan juhlista &#8211; kaikki on hoidettu puolestasi. Omana juhlatilanamme toimii K\u00e4r\u00e4j\u00e4talo,&#8230;<\/p>\n","protected":false},"author":1,"featured_media":0,"parent":0,"menu_order":0,"comment_status":"closed","ping_status":"closed","template":"","meta":{"_kad_post_transparent":"","_kad_post_title":"hide","_kad_post_layout":"fullwidth","_kad_post_sidebar_id":"","_kad_post_content_style":"unboxed","_kad_post_vertical_padding":"hide","_kad_post_feature":"hide","_kad_post_feature_position":"","_kad_post_header":false,"_kad_post_footer":false,"_kad_post_classname":"","footnotes":""},"class_list":["post-24","page","type-page","status-publish","hentry"],"yoast_head":"<!-- This site is optimized with the Yoast SEO plugin v27.5 - https:\/\/yoast.com\/product\/yoast-seo-wordpress\/ -->\n<title>Nami Bakery &amp; Catering pitopalvelu ja tilausleipomo<\/title>\n<meta name=\"description\" content=\"Nami Bakery &amp; Catering on monipuolinen pitopalvelu ja tilausleipomo Pieks\u00e4m\u00e4ell\u00e4, Etel\u00e4-Savossa. Nokkalan K\u00e4r\u00e4j\u00e4talon vuokraus kauttamme.\" \/>\n<meta name=\"robots\" content=\"index, follow, max-snippet:-1, max-image-preview:large, max-video-preview:-1\" \/>\n<link rel=\"canonical\" href=\"https:\/\/www.namicatering.fi\/\" \/>\n<meta property=\"og:locale\" content=\"fi_FI\" \/>\n<meta property=\"og:type\" content=\"article\" \/>\n<meta property=\"og:title\" content=\"Nami Bakery &amp; Catering pitopalvelu ja tilausleipomo\" \/>\n<meta property=\"og:description\" content=\"Nami Bakery &amp; Catering on monipuolinen pitopalvelu ja tilausleipomo Pieks\u00e4m\u00e4ell\u00e4, Etel\u00e4-Savossa. Nokkalan K\u00e4r\u00e4j\u00e4talon vuokraus kauttamme.\" \/>\n<meta property=\"og:url\" content=\"https:\/\/www.namicatering.fi\/\" \/>\n<meta property=\"og:site_name\" content=\"Nami Bakery &amp; Catering\" \/>\n<meta property=\"article:publisher\" content=\"https:\/\/www.facebook.com\/profile.php?id=100057546155110\" \/>\n<meta property=\"article:modified_time\" content=\"2026-01-07T08:48:38+00:00\" \/>\n<meta property=\"og:image\" content=\"https:\/\/www.namicatering.fi\/wp-content\/uploads\/2024\/09\/namibakeryandcatering_logo-01-1024x512.png\" \/>\n<meta name=\"twitter:card\" content=\"summary_large_image\" \/>\n<meta name=\"twitter:label1\" content=\"Arvioitu lukuaika\" \/>\n\t<meta name=\"twitter:data1\" content=\"4 minuuttia\" \/>\n<script type=\"application\/ld+json\" class=\"yoast-schema-graph\">{\"@context\":\"https:\\\/\\\/schema.org\",\"@graph\":[{\"@type\":\"WebPage\",\"@id\":\"https:\\\/\\\/www.namicatering.fi\\\/\",\"url\":\"https:\\\/\\\/www.namicatering.fi\\\/\",\"name\":\"Nami Bakery & Catering pitopalvelu ja tilausleipomo\",\"isPartOf\":{\"@id\":\"https:\\\/\\\/www.namicatering.fi\\\/#website\"},\"primaryImageOfPage\":{\"@id\":\"https:\\\/\\\/www.namicatering.fi\\\/#primaryimage\"},\"image\":{\"@id\":\"https:\\\/\\\/www.namicatering.fi\\\/#primaryimage\"},\"thumbnailUrl\":\"https:\\\/\\\/www.namicatering.fi\\\/wp-content\\\/uploads\\\/2024\\\/09\\\/namibakeryandcatering_logo-01-1024x512.png\",\"datePublished\":\"2024-09-16T13:34:43+00:00\",\"dateModified\":\"2026-01-07T08:48:38+00:00\",\"description\":\"Nami Bakery & Catering on monipuolinen pitopalvelu ja tilausleipomo Pieks\u00e4m\u00e4ell\u00e4, Etel\u00e4-Savossa. Nokkalan K\u00e4r\u00e4j\u00e4talon vuokraus kauttamme.\",\"breadcrumb\":{\"@id\":\"https:\\\/\\\/www.namicatering.fi\\\/#breadcrumb\"},\"inLanguage\":\"fi\",\"potentialAction\":[{\"@type\":\"ReadAction\",\"target\":[\"https:\\\/\\\/www.namicatering.fi\\\/\"]}]},{\"@type\":\"ImageObject\",\"inLanguage\":\"fi\",\"@id\":\"https:\\\/\\\/www.namicatering.fi\\\/#primaryimage\",\"url\":\"https:\\\/\\\/www.namicatering.fi\\\/wp-content\\\/uploads\\\/2024\\\/09\\\/namibakeryandcatering_logo-01.png\",\"contentUrl\":\"https:\\\/\\\/www.namicatering.fi\\\/wp-content\\\/uploads\\\/2024\\\/09\\\/namibakeryandcatering_logo-01.png\",\"width\":3334,\"height\":1667},{\"@type\":\"BreadcrumbList\",\"@id\":\"https:\\\/\\\/www.namicatering.fi\\\/#breadcrumb\",\"itemListElement\":[{\"@type\":\"ListItem\",\"position\":1,\"name\":\"Etusivu\",\"item\":\"https:\\\/\\\/www.namicatering.fi\\\/\"},{\"@type\":\"ListItem\",\"position\":2,\"name\":\"Nami Bakery &#038; Catering\"}]},{\"@type\":\"WebSite\",\"@id\":\"https:\\\/\\\/www.namicatering.fi\\\/#website\",\"url\":\"https:\\\/\\\/www.namicatering.fi\\\/\",\"name\":\"Nami Bakery & Catering\",\"description\":\"pitopalvelu ja tilausleipomo\",\"publisher\":{\"@id\":\"https:\\\/\\\/www.namicatering.fi\\\/#organization\"},\"potentialAction\":[{\"@type\":\"SearchAction\",\"target\":{\"@type\":\"EntryPoint\",\"urlTemplate\":\"https:\\\/\\\/www.namicatering.fi\\\/?s={search_term_string}\"},\"query-input\":{\"@type\":\"PropertyValueSpecification\",\"valueRequired\":true,\"valueName\":\"search_term_string\"}}],\"inLanguage\":\"fi\"},{\"@type\":\"Organization\",\"@id\":\"https:\\\/\\\/www.namicatering.fi\\\/#organization\",\"name\":\"Nami Bakery & Catering\",\"url\":\"https:\\\/\\\/www.namicatering.fi\\\/\",\"logo\":{\"@type\":\"ImageObject\",\"inLanguage\":\"fi\",\"@id\":\"https:\\\/\\\/www.namicatering.fi\\\/#\\\/schema\\\/logo\\\/image\\\/\",\"url\":\"https:\\\/\\\/www.namicatering.fi\\\/wp-content\\\/uploads\\\/2024\\\/09\\\/namibakeryandcatering_neliologo.png\",\"contentUrl\":\"https:\\\/\\\/www.namicatering.fi\\\/wp-content\\\/uploads\\\/2024\\\/09\\\/namibakeryandcatering_neliologo.png\",\"width\":500,\"height\":500,\"caption\":\"Nami Bakery & Catering\"},\"image\":{\"@id\":\"https:\\\/\\\/www.namicatering.fi\\\/#\\\/schema\\\/logo\\\/image\\\/\"},\"sameAs\":[\"https:\\\/\\\/www.facebook.com\\\/profile.php?id=100057546155110\"]}]}<\/script>\n<!-- \/ Yoast SEO plugin. -->","yoast_head_json":{"title":"Nami Bakery & Catering pitopalvelu ja tilausleipomo","description":"Nami Bakery & Catering on monipuolinen pitopalvelu ja tilausleipomo Pieks\u00e4m\u00e4ell\u00e4, Etel\u00e4-Savossa. Nokkalan K\u00e4r\u00e4j\u00e4talon vuokraus kauttamme.","robots":{"index":"index","follow":"follow","max-snippet":"max-snippet:-1","max-image-preview":"max-image-preview:large","max-video-preview":"max-video-preview:-1"},"canonical":"https:\/\/www.namicatering.fi\/","og_locale":"fi_FI","og_type":"article","og_title":"Nami Bakery & Catering pitopalvelu ja tilausleipomo","og_description":"Nami Bakery & Catering on monipuolinen pitopalvelu ja tilausleipomo Pieks\u00e4m\u00e4ell\u00e4, Etel\u00e4-Savossa. Nokkalan K\u00e4r\u00e4j\u00e4talon vuokraus kauttamme.","og_url":"https:\/\/www.namicatering.fi\/","og_site_name":"Nami Bakery &amp; Catering","article_publisher":"https:\/\/www.facebook.com\/profile.php?id=100057546155110","article_modified_time":"2026-01-07T08:48:38+00:00","og_image":[{"url":"https:\/\/www.namicatering.fi\/wp-content\/uploads\/2024\/09\/namibakeryandcatering_logo-01-1024x512.png","type":"","width":"","height":""}],"twitter_card":"summary_large_image","twitter_misc":{"Arvioitu lukuaika":"4 minuuttia"},"schema":{"@context":"https:\/\/schema.org","@graph":[{"@type":"WebPage","@id":"https:\/\/www.namicatering.fi\/","url":"https:\/\/www.namicatering.fi\/","name":"Nami Bakery & Catering pitopalvelu ja tilausleipomo","isPartOf":{"@id":"https:\/\/www.namicatering.fi\/#website"},"primaryImageOfPage":{"@id":"https:\/\/www.namicatering.fi\/#primaryimage"},"image":{"@id":"https:\/\/www.namicatering.fi\/#primaryimage"},"thumbnailUrl":"https:\/\/www.namicatering.fi\/wp-content\/uploads\/2024\/09\/namibakeryandcatering_logo-01-1024x512.png","datePublished":"2024-09-16T13:34:43+00:00","dateModified":"2026-01-07T08:48:38+00:00","description":"Nami Bakery & Catering on monipuolinen pitopalvelu ja tilausleipomo Pieks\u00e4m\u00e4ell\u00e4, Etel\u00e4-Savossa. Nokkalan K\u00e4r\u00e4j\u00e4talon vuokraus kauttamme.","breadcrumb":{"@id":"https:\/\/www.namicatering.fi\/#breadcrumb"},"inLanguage":"fi","potentialAction":[{"@type":"ReadAction","target":["https:\/\/www.namicatering.fi\/"]}]},{"@type":"ImageObject","inLanguage":"fi","@id":"https:\/\/www.namicatering.fi\/#primaryimage","url":"https:\/\/www.namicatering.fi\/wp-content\/uploads\/2024\/09\/namibakeryandcatering_logo-01.png","contentUrl":"https:\/\/www.namicatering.fi\/wp-content\/uploads\/2024\/09\/namibakeryandcatering_logo-01.png","width":3334,"height":1667},{"@type":"BreadcrumbList","@id":"https:\/\/www.namicatering.fi\/#breadcrumb","itemListElement":[{"@type":"ListItem","position":1,"name":"Etusivu","item":"https:\/\/www.namicatering.fi\/"},{"@type":"ListItem","position":2,"name":"Nami Bakery &#038; Catering"}]},{"@type":"WebSite","@id":"https:\/\/www.namicatering.fi\/#website","url":"https:\/\/www.namicatering.fi\/","name":"Nami Bakery & Catering","description":"pitopalvelu ja tilausleipomo","publisher":{"@id":"https:\/\/www.namicatering.fi\/#organization"},"potentialAction":[{"@type":"SearchAction","target":{"@type":"EntryPoint","urlTemplate":"https:\/\/www.namicatering.fi\/?s={search_term_string}"},"query-input":{"@type":"PropertyValueSpecification","valueRequired":true,"valueName":"search_term_string"}}],"inLanguage":"fi"},{"@type":"Organization","@id":"https:\/\/www.namicatering.fi\/#organization","name":"Nami Bakery & Catering","url":"https:\/\/www.namicatering.fi\/","logo":{"@type":"ImageObject","inLanguage":"fi","@id":"https:\/\/www.namicatering.fi\/#\/schema\/logo\/image\/","url":"https:\/\/www.namicatering.fi\/wp-content\/uploads\/2024\/09\/namibakeryandcatering_neliologo.png","contentUrl":"https:\/\/www.namicatering.fi\/wp-content\/uploads\/2024\/09\/namibakeryandcatering_neliologo.png","width":500,"height":500,"caption":"Nami Bakery & Catering"},"image":{"@id":"https:\/\/www.namicatering.fi\/#\/schema\/logo\/image\/"},"sameAs":["https:\/\/www.facebook.com\/profile.php?id=100057546155110"]}]}},"_links":{"self":[{"href":"https:\/\/www.namicatering.fi\/index.php?rest_route=\/wp\/v2\/pages\/24","targetHints":{"allow":["GET"]}}],"collection":[{"href":"https:\/\/www.namicatering.fi\/index.php?rest_route=\/wp\/v2\/pages"}],"about":[{"href":"https:\/\/www.namicatering.fi\/index.php?rest_route=\/wp\/v2\/types\/page"}],"author":[{"embeddable":true,"href":"https:\/\/www.namicatering.fi\/index.php?rest_route=\/wp\/v2\/users\/1"}],"replies":[{"embeddable":true,"href":"https:\/\/www.namicatering.fi\/index.php?rest_route=%2Fwp%2Fv2%2Fcomments&post=24"}],"version-history":[{"count":181,"href":"https:\/\/www.namicatering.fi\/index.php?rest_route=\/wp\/v2\/pages\/24\/revisions"}],"predecessor-version":[{"id":243,"href":"https:\/\/www.namicatering.fi\/index.php?rest_route=\/wp\/v2\/pages\/24\/revisions\/243"}],"wp:attachment":[{"href":"https:\/\/www.namicatering.fi\/index.php?rest_route=%2Fwp%2Fv2%2Fmedia&parent=24"}],"curies":[{"name":"wp","href":"https:\/\/api.w.org\/{rel}","templated":true}]}}